{"version":"1.0","provider_name":"Espai Maragall Gav\u00e0","provider_url":"https:\/\/espaimaragall.cat\/es\/","author_name":"Sam Castilla","author_url":"https:\/\/espaimaragall.cat\/es\/author\/samanta\/","title":"LA MOTXILLA DE L'ADA | Espai Maragall Gav\u00e0","type":"rich","width":600,"height":338,"html":"<blockquote class=\"wp-embedded-content\"><a href=\"https:\/\/espaimaragall.cat\/es\/events\/la-motxilla-de-lada\/\">LA MOTXILLA DE L&#8217;ADA<\/a><\/blockquote>\n<script type='text\/javascript'>\n<!--\/\/--><![CDATA[\/\/><!--\n\t\t\/*! This file is auto-generated *\/\n\t\t!function(d,l){\"use strict\";var e=!1,n=!1;if(l.querySelector)if(d.addEventListener)e=!0;if(d.wp=d.wp||{},!d.wp.receiveEmbedMessage)if(d.wp.receiveEmbedMessage=function(e){var t=e.data;if(t)if(t.secret||t.message||t.value)if(!\/[^a-zA-Z0-9]\/.test(t.secret)){for(var r,i,a,s=l.querySelectorAll('iframe[data-secret=\"'+t.secret+'\"]'),n=l.querySelectorAll('blockquote[data-secret=\"'+t.secret+'\"]'),o=new RegExp(\"^https?:$\",\"i\"),c=0;c<n.length;c++)n[c].style.display=\"none\";for(c=0;c<s.length;c++)if(r=s[c],e.source===r.contentWindow){if(r.removeAttribute(\"style\"),\"height\"===t.message){if(1e3<(a=parseInt(t.value,10)))a=1e3;else if(~~a<200)a=200;r.height=a}if(\"link\"===t.message)if(i=l.createElement(\"a\"),a=l.createElement(\"a\"),i.href=r.getAttribute(\"src\"),a.href=t.value,o.test(a.protocol))if(a.host===i.host)if(l.activeElement===r)d.top.location.href=t.value}}},e)d.addEventListener(\"message\",d.wp.receiveEmbedMessage,!1),l.addEventListener(\"DOMContentLoaded\",t,!1),d.addEventListener(\"load\",t,!1);function t(){if(!n){n=!0;for(var e,t,r=-1!==navigator.appVersion.indexOf(\"MSIE 10\"),i=!!navigator.userAgent.match(\/Trident.*rv:11\\.\/),a=l.querySelectorAll(\"iframe.wp-embedded-content\"),s=0;s<a.length;s++){if(!(e=a[s]).getAttribute(\"data-secret\"))t=Math.random().toString(36).substr(2,10),e.src+=\"#?secret=\"+t,e.setAttribute(\"data-secret\",t);if(r||i)(t=e.cloneNode(!0)).removeAttribute(\"security\"),e.parentNode.replaceChild(t,e)}}}}(window,document);\n\/\/--><!]]>\n<\/script><iframe sandbox=\"allow-scripts\" security=\"restricted\" src=\"https:\/\/espaimaragall.cat\/es\/events\/la-motxilla-de-lada\/embed\/\" width=\"600\" height=\"338\" title=\"\u00abLA MOTXILLA DE L&#8217;ADA\u00bb \u2014 Espai Maragall Gav\u00e0\" frameborder=\"0\" marginwidth=\"0\" marginheight=\"0\" scrolling=\"no\" class=\"wp-embedded-content\"><\/iframe>","thumbnail_url":"https:\/\/espaimaragall.cat\/wp-content\/uploads\/2021\/12\/LA-MOTXILA-DE-LADA-e1640791953735.png","thumbnail_width":885,"thumbnail_height":614,"description":"\u00daltimo espect\u00e1culo de la trilog\u00eda que la Compa\u00f1\u00eda TEATRE AL DETALL dedica a las ni\u00f1as valientes Ada tiene ganas de jugar, por eso se encuentra con su mejor amiga y su mejor amigo&#8230; y juegan. Ahora ya no lleva aquella mochila pesada, que tanto le pesaba, que no la dejaba ser qui\u00e9n es. Con aquella mochila, Ada sent\u00eda que no encajaba con el que suponemos que tiene que ser un ni\u00f1o o una ni\u00f1a. Pero ahora ya ha encontrado su lugar. Un espect\u00e1culo que nos habla de la identidad de g\u00e9nero, porque aquello de &#8220;ni\u00f1o-ni\u00f1a, hombre-mujer, morat\u00f3n-rosa, fuerte-d\u00e9bil&#8230;&#8221; quiz\u00e1s tiene que cambiar definitivamente. Este espect\u00e1culo es con la m\u00fasica en directo de LA TRESCA I LA VERDESCA. Duraci\u00f3n:70 min. Neteja Copia el text Ressalta les paraules desconegudes"}