{"version":"1.0","provider_name":"Espai Maragall Gav\u00e0","provider_url":"https:\/\/espaimaragall.cat\/es\/","author_name":"Sam Castilla","author_url":"https:\/\/espaimaragall.cat\/es\/author\/samanta\/","title":"QUIM ZANGO TOMA JARABE DE PALO | Espai Maragall Gav\u00e0","type":"rich","width":600,"height":338,"html":"<blockquote class=\"wp-embedded-content\"><a href=\"https:\/\/espaimaragall.cat\/es\/events\/quim-zango-toma-jarabe-de-palo\/\">QUIM ZANGO TOMA JARABE DE PALO<\/a><\/blockquote>\n<script type='text\/javascript'>\n<!--\/\/--><![CDATA[\/\/><!--\n\t\t\/*! This file is auto-generated *\/\n\t\t!function(d,l){\"use strict\";var e=!1,n=!1;if(l.querySelector)if(d.addEventListener)e=!0;if(d.wp=d.wp||{},!d.wp.receiveEmbedMessage)if(d.wp.receiveEmbedMessage=function(e){var t=e.data;if(t)if(t.secret||t.message||t.value)if(!\/[^a-zA-Z0-9]\/.test(t.secret)){for(var r,i,a,s=l.querySelectorAll('iframe[data-secret=\"'+t.secret+'\"]'),n=l.querySelectorAll('blockquote[data-secret=\"'+t.secret+'\"]'),o=new RegExp(\"^https?:$\",\"i\"),c=0;c<n.length;c++)n[c].style.display=\"none\";for(c=0;c<s.length;c++)if(r=s[c],e.source===r.contentWindow){if(r.removeAttribute(\"style\"),\"height\"===t.message){if(1e3<(a=parseInt(t.value,10)))a=1e3;else if(~~a<200)a=200;r.height=a}if(\"link\"===t.message)if(i=l.createElement(\"a\"),a=l.createElement(\"a\"),i.href=r.getAttribute(\"src\"),a.href=t.value,o.test(a.protocol))if(a.host===i.host)if(l.activeElement===r)d.top.location.href=t.value}}},e)d.addEventListener(\"message\",d.wp.receiveEmbedMessage,!1),l.addEventListener(\"DOMContentLoaded\",t,!1),d.addEventListener(\"load\",t,!1);function t(){if(!n){n=!0;for(var e,t,r=-1!==navigator.appVersion.indexOf(\"MSIE 10\"),i=!!navigator.userAgent.match(\/Trident.*rv:11\\.\/),a=l.querySelectorAll(\"iframe.wp-embedded-content\"),s=0;s<a.length;s++){if(!(e=a[s]).getAttribute(\"data-secret\"))t=Math.random().toString(36).substr(2,10),e.src+=\"#?secret=\"+t,e.setAttribute(\"data-secret\",t);if(r||i)(t=e.cloneNode(!0)).removeAttribute(\"security\"),e.parentNode.replaceChild(t,e)}}}}(window,document);\n\/\/--><!]]>\n<\/script><iframe sandbox=\"allow-scripts\" security=\"restricted\" src=\"https:\/\/espaimaragall.cat\/es\/events\/quim-zango-toma-jarabe-de-palo\/embed\/\" width=\"600\" height=\"338\" title=\"\u00abQUIM ZANGO TOMA JARABE DE PALO\u00bb \u2014 Espai Maragall Gav\u00e0\" frameborder=\"0\" marginwidth=\"0\" marginheight=\"0\" scrolling=\"no\" class=\"wp-embedded-content\"><\/iframe>","thumbnail_url":"https:\/\/espaimaragall.cat\/wp-content\/uploads\/2021\/09\/RAM-HALL-OF-FAME-FICHA-4-scaled-e1631718765560.jpg","thumbnail_width":2560,"thumbnail_height":1813,"description":"Quim Zango, acompa\u00f1ado de una selecci\u00f3n de m\u00fasicos de Gav\u00e0, hace su entrada en el Sal\u00f3n de la Fama de Bandas Tributo y Versiones de Catalu\u00f1a con el mejor y m\u00e1s sentido homenaje que la ciudad y los m\u00fasicos de Gav\u00e0 pueden rendir a Pau Don\u00e9s y su Jarabe de Palo. Nadie mejor que Zango para ponerse en la piel de uno de los mejores artistas que ha dado nuestro pa\u00eds, con un repertorio de \u00e9xitos bandera de muchas generaciones."}