{"id":5424,"date":"2021-05-07T16:18:14","date_gmt":"2021-05-07T16:18:14","guid":{"rendered":"https:\/\/espaimaragall.cat\/?page_id=5424"},"modified":"2021-05-07T16:18:14","modified_gmt":"2021-05-07T16:18:14","slug":"advertencia-legal","status":"publish","type":"page","link":"https:\/\/espaimaragall.cat\/es\/advertencia-legal\/","title":{"rendered":"Advert\u00e8ncia legal"},"content":{"rendered":"<h3><strong>Protecci\u00f3n de datos<\/strong><\/h3>\n<p><strong><em>Base jur\u00eddica e informaci\u00f3n b\u00e1sica sobre el tratamiento de datos personales relativos a CULTURA <\/em><\/strong><\/p>\n<p><strong><em>Base jur\u00eddica del tratamiento<\/em><\/strong><em>: Misi\u00f3n en inter\u00e9s p\u00fablico, ejercicio de poderes p\u00fablicos, cumplimiento de obligaci\u00f3n legal.<\/em><\/p>\n<p><strong><em>Responsable del tratamiento<\/em><\/strong><em>: Ajuntament de Gav\u00e0. <\/em><\/p>\n<p><strong><em>Finalidad del tratamiento:<\/em><\/strong><em> Organizaci\u00f3n y gesti\u00f3n de actividades culturales y sociales del municipio. <\/em><\/p>\n<p><strong><em>Ejercicio de derechos de los interesados<\/em><\/strong><em>: De acceso, rectificaci\u00f3n, supresi\u00f3n, portabilidad de los datos, limitaci\u00f3n y de oposici\u00f3n al tratamiento en la sede electr\u00f3nica https: \/ \/eseu.gavaciutat.cat\/newcatalegtramits, o presencialmente en el Registro municipal del Ayuntamiento de Gav\u00e0, Plaza de Jaume Balmes, s \/ n, 08850 Gav\u00e0. <\/em><\/p>\n<p><strong><em>Informaci\u00f3n adicional ampliada a: <\/em><\/strong><em>Pol\u00edtica de protecci\u00f3n de datos en la web: <a href=\"https:\/\/eseu.gavaciutat.cat\/3protecciodades\">https:\/\/eseu.gavaciutat.cat\/3protecciodades<\/a><\/em><\/p>\n","protected":false},"excerpt":{"rendered":"<p>Protecci\u00f3n de datos Base jur\u00eddica e informaci\u00f3n b\u00e1sica sobre el tratamiento de datos personales relativos a CULTURA Base jur\u00eddica del tratamiento: Misi\u00f3n en inter\u00e9s p\u00fablico, ejercicio de poderes p\u00fablicos, cumplimiento de obligaci\u00f3n legal. Responsable del tratamiento: Ajuntament de Gav\u00e0. Finalidad del tratamiento: Organizaci\u00f3n y gesti\u00f3n de actividades culturales y sociales del municipio. Ejercicio de derechos de los interesados: De acceso, rectificaci\u00f3n, supresi\u00f3n, portabilidad de los datos, limitaci\u00f3n y de oposici\u00f3n al tratamiento en la sede electr\u00f3nica https: \/ \/eseu.gavaciutat.cat\/newcatalegtramits, o presencialmente en el Registro municipal del Ayuntamiento de Gav\u00e0, Plaza de Jaume Balmes, s \/ n, 08850 Gav\u00e0. Informaci\u00f3n adicional ampliada a: Pol\u00edtica de protecci\u00f3n de datos en la web: https:\/\/eseu.gavaciutat.cat\/3protecciodades<\/p>\n","protected":false},"author":2,"featured_media":0,"parent":0,"menu_order":0,"comment_status":"closed","ping_status":"closed","template":"","meta":[],"amp_enabled":true,"_links":{"self":[{"href":"https:\/\/espaimaragall.cat\/es\/wp-json\/wp\/v2\/pages\/5424"}],"collection":[{"href":"https:\/\/espaimaragall.cat\/es\/wp-json\/wp\/v2\/pages"}],"about":[{"href":"https:\/\/espaimaragall.cat\/es\/wp-json\/wp\/v2\/types\/page"}],"author":[{"embeddable":true,"href":"https:\/\/espaimaragall.cat\/es\/wp-json\/wp\/v2\/users\/2"}],"replies":[{"embeddable":true,"href":"https:\/\/espaimaragall.cat\/es\/wp-json\/wp\/v2\/comments?post=5424"}],"version-history":[{"count":2,"href":"https:\/\/espaimaragall.cat\/es\/wp-json\/wp\/v2\/pages\/5424\/revisions"}],"predecessor-version":[{"id":5426,"href":"https:\/\/espaimaragall.cat\/es\/wp-json\/wp\/v2\/pages\/5424\/revisions\/5426"}],"wp:attachment":[{"href":"https:\/\/espaimaragall.cat\/es\/wp-json\/wp\/v2\/media?parent=5424"}],"curies":[{"name":"wp","href":"https:\/\/api.w.org\/{rel}","templated":true}]}}