{"id":5464,"date":"2021-05-07T17:56:26","date_gmt":"2021-05-07T17:56:26","guid":{"rendered":"https:\/\/espaimaragall.cat\/?page_id=5464"},"modified":"2023-02-01T13:12:21","modified_gmt":"2023-02-01T13:12:21","slug":"alquiler-de-espacios","status":"publish","type":"page","link":"https:\/\/espaimaragall.cat\/es\/alquiler-de-espacios\/","title":{"rendered":"Alquiler de espacios"},"content":{"rendered":"<p><strong>L\u2019Espai (Maragall)<\/strong> es un centro dedicado a las artes esc\u00e9nicas con 2200m2 distribuidos en tres plantas. Dispone de un auditorio con una capacidad para 534 personas, 4 salas polivalentes y un vest\u00edbulo de 300 m2 con un espacio expositivo donde se pueden realizar actos de peque\u00f1o formato.<\/p>\n<p>El servicio de cesi\u00f3n de espacios, consiste en la cesi\u00f3n y \/ o alquiler de espacios y material t\u00e9cnico a entidades, grupos profesionales o empresas para la realizaci\u00f3n de sus actividades.<\/p>\n<p><strong>Procedimiento<\/strong><br \/>\nPara formalizar la reserva de espacios para realizar actos, actividades o exposiciones necesario rellenar la solicitud de espacios anexa y la registra en la OAC situada en la planta baja del Ayuntamiento de Gav\u00e0. Tambi\u00e9n puede hacer este tr\u00e1mite de manera on line a trav\u00e9s del ESEU.<\/p>\n<p>Para m\u00e1s informaci\u00f3n env\u00ede un correo electr\u00f3nico a espaimaragall@gava.cat o llamar al 93 263 91 36.<\/p>\n<a href=\"https:\/\/eseu.gava.cat\/sta\/CarpetaPublic\/Public?APP_CODE=STA&amp;PAGE_CODE=CATALOGO&amp;DETALLE=6269000016499275307713&amp;lang=ES\" target=\"_blank\" class=\"gdl-button shortcode-large-button\" style=\"color:#ffffff; background-color:#63544A; border-color:#5e5046; \">Solicitud de espacios<\/a>\n<div id=\"lloguer-espais\"><div id=\"grid-gallery-26-4628\" data-gg-id=\"26\" data-title=\"Alquiler de espacios\" data-grid-type=\"0\" data-offset=\"5.3\" data-area-position=\"center\" data-icons=\"false\" data-preloader=\"false\" data-width=\"325\" data-height=\"216\" data-padding=\"0\" data-quicksand=\"disabled\" data-quicksand-duration=\"none\" data-popup-type=\"disable\" data-popup-image-text=\"data-caption\" data-popup-widthsize=\"auto\" data-popup-heightsize=\"auto\" data-popup-i18n-words=\"{&quot;close&quot;:&quot;tancar&quot;,&quot;next&quot;:&quot;seg\\u00fcent&quot;,&quot;previous&quot;:&quot;anterior&quot;,&quot;start_slideshow&quot;:&quot;comen\\u00e7ar presentaci\\u00f3&quot;,&quot;stop_slideshow&quot;:&quot;parar presentaci\\u00f3&quot;,&quot;image&quot;:&quot;imatge&quot;,&quot;of&quot;:&quot;de&quot;,&quot;prev&quot;:&quot;anterior&quot;,&quot;cExpand&quot;:&quot;Expandir&quot;,&quot;cPrevious&quot;:&quot;Anterior&quot;,&quot;cNext&quot;:&quot;Seg\\u00fcent&quot;,&quot;cExpandStr&quot;:&quot;Expandir la imatge&quot;,&quot;cRotate&quot;:&quot;Rotar&quot;,&quot;cDetails&quot;:&quot;Details&quot;}\" data-popup-slideshow=\"false\" data-popup-slideshow-speed=\"2500\" data-popup-hoverstop=\"false\" data-popup-slideshow-auto=\"false\" data-popup-background=\"\" data-popup-transparency=\"30\" data-popup-disable-history=\"\" data-popup-disable-changed-url=\"\" data-popup-border-type=\"solid\" data-popup-border-color=\"\" data-popup-border-width=\"\" data-popup-border-enable=\"\" data-fullscreen=\"false\" data-hide-tooltip=\"false\" data-caption-font-family=\"Default\" data-caption-text-size=\"20px\" data-is-mobile=\"0\" data-caption-mobile=\"true\" data-hide-long-tltp-title=\"0\" data-caption-disabled-on-mobile=\"false\" data-popup-placement-type=\"0\" data-social-sharing=\"{&quot;enabled&quot;:&quot;&quot;,&quot;gallerySharing&quot;:{&quot;enabled&quot;:null,&quot;position&quot;:null},&quot;imageSharing&quot;:{&quot;enabled&quot;:null,&quot;wrapperClass&quot;:&quot; vertical &quot;},&quot;popupSharing&quot;:{&quot;enabled&quot;:null,&quot;wrapperClass&quot;:&quot; vertical &quot;}}\" class=\"grid-gallery grid-gallery-fixed \" style=\" width:100%; height:auto; margin-left:auto; margin-right:auto;position:relative;\"> <div class=\"gallery-sharing-top\"><\/div> <div id=\"photos-26\" class=\"grid-gallery-photos\"><a id=\"gg-26-3\" class=\"gg-link \" data-attachment-id=\"718\" href=\"https:\/\/espaimaragall.cat\/es\/alquiler-de-espacios\/auditorio\/\" target=\"_self\" title=\"Auditori\" rel=\"\" data-type=\"link\" style=\"border-radius:10px;\" ><FIGURE class=\"grid-gallery-caption\" data-grid-gallery-type=\"none\" data-index=\"0\" style=\"display:none;border-radius:10px;; margin:5.3px; width:325px;\" ><div class=\"crop\" style=\" width:325px; height:216px; overflow:hidden;\"><img src=\"https:\/\/espaimaragall.cat\/wp-content\/uploads\/2016\/05\/lloguer-auditori-325x216.jpg\" class=\"ggImg\" alt=\"Auditori\" title=\"Auditori\" data-description=\"Auditori\" data-caption=\"Auditorio\" data-title=\"Auditori\" style=\" width:325px; height:216px;\" \/><\/div><FIGCAPTION class=\"\" data-alpha=\"2\" style=\"color:#ffffff; background-color:#63544a; font-size:20px; text-align:center; font-family:Default; opacity:1; bottom:0;\" ><div class=\"grid-gallery-figcaption-wrap\" style=\" vertical-align:top;\"><div class=\"gg-image-caption fitvidsignore\" style=\"font-size:20px;\"><object type=\"none\/none\">Auditorio <\/object><\/div><\/div><\/FIGCAPTION><\/FIGURE><\/a><a id=\"gg-26-4\" class=\"gg-link \" data-attachment-id=\"717\" href=\"https:\/\/espaimaragall.cat\/es\/alquiler-de-espacios\/sala-1\/\" target=\"_self\" title=\"Sala +1\" rel=\"\" data-type=\"link\" style=\"border-radius:10px;\" ><FIGURE class=\"grid-gallery-caption\" data-grid-gallery-type=\"none\" data-index=\"1\" style=\"display:none;border-radius:10px;; margin:5.3px; width:325px;\" ><div class=\"crop\" style=\" width:325px; height:216px; overflow:hidden;\"><img src=\"https:\/\/espaimaragall.cat\/wp-content\/uploads\/2016\/05\/lloguer-sala1-325x216.jpg\" class=\"ggImg\" alt=\"Sala +1\" title=\"Sala +1\" data-description=\"Sala +1\" data-caption=\"Sala +1\" data-title=\"Sala +1\" style=\" width:325px; height:216px;\" \/><\/div><FIGCAPTION class=\"\" data-alpha=\"2\" style=\"color:#ffffff; background-color:#63544a; font-size:20px; text-align:center; font-family:Default; opacity:1; bottom:0;\" ><div class=\"grid-gallery-figcaption-wrap\" style=\" vertical-align:top;\"><div class=\"gg-image-caption fitvidsignore\" style=\"font-size:20px;\"><object type=\"none\/none\">Sala +1 <\/object><\/div><\/div><\/FIGCAPTION><\/FIGURE><\/a><a id=\"gg-26-22\" class=\"gg-link \" data-attachment-id=\"883\" href=\"https:\/\/espaimaragall.cat\/es\/alquiler-de-espacios\/sala-1-2\/\" target=\"_self\" title=\"salamenos1-2\" rel=\"\" data-type=\"link\" style=\"border-radius:10px;\" ><FIGURE class=\"grid-gallery-caption\" data-grid-gallery-type=\"none\" data-index=\"2\" style=\"display:none;border-radius:10px;; margin:5.3px; width:325px;\" ><div class=\"crop\" style=\" width:325px; height:216px; overflow:hidden;\"><img src=\"https:\/\/espaimaragall.cat\/wp-content\/uploads\/2016\/06\/salamenos1-2-325x216.jpg\" class=\"ggImg\" alt=\"salamenos1-2\" title=\"salamenos1-2\" data-description=\"salamenos1-2\" data-caption=\"Sala -1\" data-title=\"salamenos1-2\" style=\" width:325px; height:216px;\" \/><\/div><FIGCAPTION class=\"\" data-alpha=\"2\" style=\"color:#ffffff; background-color:#63544a; font-size:20px; text-align:center; font-family:Default; opacity:1; bottom:0;\" ><div class=\"grid-gallery-figcaption-wrap\" style=\" vertical-align:top;\"><div class=\"gg-image-caption fitvidsignore\" style=\"font-size:20px;\"><object type=\"none\/none\">Sala -1 <\/object><\/div><\/div><\/FIGCAPTION><\/FIGURE><\/a><a id=\"gg-26-1\" class=\"gg-link \" data-attachment-id=\"720\" href=\"https:\/\/espaimaragall.cat\/es\/alquiler-de-espacios\/sala-ramon-marco\/\" target=\"_self\" title=\"Sala senyor Ram\u00f3n Marc\u00f3\" rel=\"\" data-type=\"link\" style=\"border-radius:10px;\" ><FIGURE class=\"grid-gallery-caption\" data-grid-gallery-type=\"none\" data-index=\"3\" style=\"display:none;border-radius:10px;; margin:5.3px; width:325px;\" ><div class=\"crop\" style=\" width:325px; height:216px; overflow:hidden;\"><img src=\"https:\/\/espaimaragall.cat\/wp-content\/uploads\/2016\/05\/lloguer-ramon-marco-325x216.jpg\" class=\"ggImg\" alt=\"Sala senyor Ram\u00f3n Marc\u00f3\" title=\"Sala senyor Ram\u00f3n Marc\u00f3\" data-description=\"Sala senyor Ram\u00f3n Marc\u00f3\" data-caption=\"Sala Ramon Marc\u00f3\" data-title=\"Sala senyor Ram\u00f3n Marc\u00f3\" style=\" width:325px; height:216px;\" \/><\/div><FIGCAPTION class=\"\" data-alpha=\"2\" style=\"color:#ffffff; background-color:#63544a; font-size:20px; text-align:center; font-family:Default; opacity:1; bottom:0;\" ><div class=\"grid-gallery-figcaption-wrap\" style=\" vertical-align:top;\"><div class=\"gg-image-caption fitvidsignore\" style=\"font-size:20px;\"><object type=\"none\/none\">Sala Ramon Marc\u00f3 <\/object><\/div><\/div><\/FIGCAPTION><\/FIGURE><\/a><a id=\"gg-26-23\" class=\"gg-link \" data-attachment-id=\"885\" href=\"https:\/\/espaimaragall.cat\/es\/alquiler-de-espacios\/sala-2\/\" target=\"_self\" title=\"salamenos2-1\" rel=\"\" data-type=\"link\" style=\"border-radius:10px;\" ><FIGURE class=\"grid-gallery-caption\" data-grid-gallery-type=\"none\" data-index=\"4\" style=\"display:none;border-radius:10px;; margin:5.3px; width:325px;\" ><div class=\"crop\" style=\" width:325px; height:216px; overflow:hidden;\"><img src=\"https:\/\/espaimaragall.cat\/wp-content\/uploads\/2016\/06\/salamenos2-1-325x216.jpg\" class=\"ggImg\" alt=\"salamenos2-1\" title=\"salamenos2-1\" data-description=\"salamenos2-1\" data-caption=\"Sala -2\" data-title=\"salamenos2-1\" style=\" width:325px; height:216px;\" \/><\/div><FIGCAPTION class=\"\" data-alpha=\"2\" style=\"color:#ffffff; background-color:#63544a; font-size:20px; text-align:center; font-family:Default; opacity:1; bottom:0;\" ><div class=\"grid-gallery-figcaption-wrap\" style=\" vertical-align:top;\"><div class=\"gg-image-caption fitvidsignore\" style=\"font-size:20px;\"><object type=\"none\/none\">Sala -2 <\/object><\/div><\/div><\/FIGCAPTION><\/FIGURE><\/a><a id=\"gg-26-2\" class=\"gg-link \" data-attachment-id=\"719\" href=\"https:\/\/espaimaragall.cat\/es\/alquiler-de-espacios\/hall\/\" target=\"_self\" title=\"Hall\" rel=\"\" data-type=\"link\" style=\"border-radius:10px;\" ><FIGURE class=\"grid-gallery-caption\" data-grid-gallery-type=\"none\" data-index=\"5\" style=\"display:none;border-radius:10px;; margin:5.3px; width:325px;\" ><div class=\"crop\" style=\" width:325px; height:216px; overflow:hidden;\"><img src=\"https:\/\/espaimaragall.cat\/wp-content\/uploads\/2016\/05\/lloguer-hall-325x216.jpg\" class=\"ggImg\" alt=\"Hall\" title=\"Hall\" data-description=\"Hall\" data-caption=\"Hall\" data-title=\"Hall\" style=\" width:325px; height:216px;\" \/><\/div><FIGCAPTION class=\"\" data-alpha=\"2\" style=\"color:#ffffff; background-color:#63544a; font-size:20px; text-align:center; font-family:Default; opacity:1; bottom:0;\" ><div class=\"grid-gallery-figcaption-wrap\" style=\" vertical-align:top;\"><div class=\"gg-image-caption fitvidsignore\" style=\"font-size:20px;\"><object type=\"none\/none\">Hall <\/object><\/div><\/div><\/FIGCAPTION><\/FIGURE><\/a> <div class=\"grid-gallery-clearfix\"><\/div> <\/div> <div class=\"gallery-sharing-bottom\"><\/div> <div class=\"grid-gallery-clearfix\"><\/div> <\/div> <!-- Gallery by Supsystic plugin1.15.1 --><\/div>\n","protected":false},"excerpt":{"rendered":"<p>L\u2019Espai (Maragall) es un centro dedicado a las artes esc\u00e9nicas con 2200m2 distribuidos en tres plantas. Dispone de un auditorio con una capacidad para 534 personas, 4 salas polivalentes y un vest\u00edbulo de 300 m2 con un espacio expositivo donde se pueden realizar actos de peque\u00f1o formato. El servicio de cesi\u00f3n de espacios, consiste en la cesi\u00f3n y \/ o alquiler de espacios y material t\u00e9cnico a entidades, grupos profesionales o empresas para la realizaci\u00f3n de sus actividades. Procedimiento Para formalizar la reserva de espacios para realizar actos, actividades o exposiciones necesario rellenar la solicitud de espacios anexa y la registra en la OAC situada en la planta baja del Ayuntamiento de Gav\u00e0. Tambi\u00e9n puede hacer este tr\u00e1mite de manera on line a trav\u00e9s del ESEU. Para m\u00e1s informaci\u00f3n env\u00ede un correo electr\u00f3nico a espaimaragall@gava.cat o llamar al 93 263 91 36.<\/p>\n","protected":false},"author":2,"featured_media":0,"parent":0,"menu_order":0,"comment_status":"open","ping_status":"open","template":"","meta":[],"amp_enabled":true,"_links":{"self":[{"href":"https:\/\/espaimaragall.cat\/es\/wp-json\/wp\/v2\/pages\/5464"}],"collection":[{"href":"https:\/\/espaimaragall.cat\/es\/wp-json\/wp\/v2\/pages"}],"about":[{"href":"https:\/\/espaimaragall.cat\/es\/wp-json\/wp\/v2\/types\/page"}],"author":[{"embeddable":true,"href":"https:\/\/espaimaragall.cat\/es\/wp-json\/wp\/v2\/users\/2"}],"replies":[{"embeddable":true,"href":"https:\/\/espaimaragall.cat\/es\/wp-json\/wp\/v2\/comments?post=5464"}],"version-history":[{"count":8,"href":"https:\/\/espaimaragall.cat\/es\/wp-json\/wp\/v2\/pages\/5464\/revisions"}],"predecessor-version":[{"id":7519,"href":"https:\/\/espaimaragall.cat\/es\/wp-json\/wp\/v2\/pages\/5464\/revisions\/7519"}],"wp:attachment":[{"href":"https:\/\/espaimaragall.cat\/es\/wp-json\/wp\/v2\/media?parent=5464"}],"curies":[{"name":"wp","href":"https:\/\/api.w.org\/{rel}","templated":true}]}}